{"id":939,"date":"2024-11-13T17:42:01","date_gmt":"2024-11-13T17:42:01","guid":{"rendered":"https:\/\/decorauvent.ca\/?page_id=939"},"modified":"2025-10-24T20:20:31","modified_gmt":"2025-10-24T20:20:31","slug":"gazebos","status":"publish","type":"page","link":"https:\/\/decorauvent.ca\/en\/gazebos\/","title":{"rendered":"Gazebos"},"content":{"rendered":"\t\t<div data-elementor-type=\"wp-page\" data-elementor-id=\"939\" class=\"elementor elementor-939\" data-elementor-post-type=\"page\">\n\t\t\t\t<div class=\"elementor-element elementor-element-8f829d6 e-flex e-con-boxed e-con e-parent\" data-id=\"8f829d6\" data-element_type=\"container\" data-e-type=\"container\">\n\t\t\t\t\t<div class=\"e-con-inner\">\n\t\t<div class=\"elementor-element elementor-element-25faac7 e-flex e-con-boxed e-con e-child\" data-id=\"25faac7\" data-element_type=\"container\" data-e-type=\"container\">\n\t\t\t\t\t<div class=\"e-con-inner\">\n\t\t\t\t<div class=\"elementor-element elementor-element-2769706 elementor-widget elementor-widget-heading\" data-id=\"2769706\" data-element_type=\"widget\" data-e-type=\"widget\" data-widget_type=\"heading.default\">\n\t\t\t\t<div class=\"elementor-widget-container\">\n\t\t\t\t\t<h2 class=\"elementor-heading-title elementor-size-default\">Gazebos et abris de jardin<\/h2>\t\t\t\t<\/div>\n\t\t\t\t<\/div>\n\t\t\t\t<div class=\"elementor-element elementor-element-a977dab elementor-widget elementor-widget-text-editor\" data-id=\"a977dab\" data-element_type=\"widget\" data-e-type=\"widget\" data-widget_type=\"text-editor.default\">\n\t\t\t\t<div class=\"elementor-widget-container\">\n\t\t\t\t\t\t\t\t\t<section class=\"section is-primary is-cover is-large is-inverted\"><div class=\"container\"><div class=\"columns\"><div class=\"column is-6\"><section class=\"section is-primary is-cover is-large is-inverted\"><div class=\"container\"><div class=\"columns\"><div class=\"column is-6\"><p class=\"lead\">Prot\u00e9gez votre espace ext\u00e9rieur et vos meubles avec nos abris de jardin r\u00e9sistants \u00e0 l&rsquo;eau, au vent et aux UV<\/p><\/div><\/div><\/div><\/section><\/div><\/div><\/div><\/section>\t\t\t\t\t\t\t\t<\/div>\n\t\t\t\t<\/div>\n\t\t\t\t<div class=\"elementor-element elementor-element-3147e73 elementor-widget elementor-widget-heading\" data-id=\"3147e73\" data-element_type=\"widget\" data-e-type=\"widget\" data-widget_type=\"heading.default\">\n\t\t\t\t<div class=\"elementor-widget-container\">\n\t\t\t\t\t<h2 class=\"elementor-heading-title elementor-size-default\">Des gaz\u00e9bos \u00e9l\u00e9gants et durables pour tous vos besoins<\/h2>\t\t\t\t<\/div>\n\t\t\t\t<\/div>\n\t\t\t\t<div class=\"elementor-element elementor-element-d3c8f78 elementor-widget elementor-widget-text-editor\" data-id=\"d3c8f78\" data-element_type=\"widget\" data-e-type=\"widget\" data-widget_type=\"text-editor.default\">\n\t\t\t\t<div class=\"elementor-widget-container\">\n\t\t\t\t\t\t\t\t\t<div class=\"column is-12\"><div class=\"column is-12\"><p class=\"block is-size-4\">Cr\u00e9ez une oasis ext\u00e9rieure accueillante avec un abri de jardin! Avec une gamme de mod\u00e8les parmi lesquels choisir, vous pouvez cr\u00e9er un espace \u00e9l\u00e9gant et confortable pour vous d\u00e9tendre et recevoir des invit\u00e9s.<\/p><\/div><div class=\"column is-6\">\u00a0<\/div><\/div>\t\t\t\t\t\t\t\t<\/div>\n\t\t\t\t<\/div>\n\t\t\t\t\t<\/div>\n\t\t\t\t<\/div>\n\t\t<div class=\"elementor-element elementor-element-c138784 e-flex e-con-boxed e-con e-child\" data-id=\"c138784\" data-element_type=\"container\" data-e-type=\"container\">\n\t\t\t\t\t<div class=\"e-con-inner\">\n\t\t\t\t<div class=\"elementor-element elementor-element-6eb4c6f elementor-pagination-type-bullets elementor-pagination-position-outside elementor-widget elementor-widget-n-carousel\" data-id=\"6eb4c6f\" data-element_type=\"widget\" data-e-type=\"widget\" data-settings=\"{&quot;carousel_items&quot;:[{&quot;slide_title&quot;:&quot;Slide #1&quot;,&quot;_id&quot;:&quot;fb21844&quot;},{&quot;slide_title&quot;:&quot;Slide #2&quot;,&quot;_id&quot;:&quot;0a8786d&quot;}],&quot;slides_to_show&quot;:&quot;1&quot;,&quot;slides_to_scroll&quot;:&quot;1&quot;,&quot;autoplay_speed&quot;:4000,&quot;image_spacing_custom&quot;:{&quot;unit&quot;:&quot;px&quot;,&quot;size&quot;:0,&quot;sizes&quot;:[]},&quot;slides_to_show_tablet&quot;:&quot;1&quot;,&quot;slides_to_show_mobile&quot;:&quot;1&quot;,&quot;autoplay&quot;:&quot;yes&quot;,&quot;infinite&quot;:&quot;yes&quot;,&quot;speed&quot;:500,&quot;offset_sides&quot;:&quot;none&quot;,&quot;pagination&quot;:&quot;bullets&quot;,&quot;image_spacing_custom_tablet&quot;:{&quot;unit&quot;:&quot;px&quot;,&quot;size&quot;:&quot;&quot;,&quot;sizes&quot;:[]},&quot;image_spacing_custom_mobile&quot;:{&quot;unit&quot;:&quot;px&quot;,&quot;size&quot;:&quot;&quot;,&quot;sizes&quot;:[]}}\" data-widget_type=\"nested-carousel.default\">\n\t\t\t\t<div class=\"elementor-widget-container\">\n\t\t\t\t\t\t\t<div class=\"e-n-carousel swiper\" role=\"region\" aria-roledescription=\"carousel\" aria-label=\"Carousel\" dir=\"ltr\">\n\t\t\t<div class=\"swiper-wrapper\" aria-live=\"off\">\n\t\t\t\t\t\t\t\t\t\t<div class=\"swiper-slide\" data-slide=\"1\" role=\"group\" aria-roledescription=\"slide\" aria-label=\"1 of 2\">\n\t\t\t\t\t\t\t<div class=\"elementor-element elementor-element-cc21b0c e-flex e-con-boxed e-con e-child\" data-id=\"cc21b0c\" data-element_type=\"container\" data-e-type=\"container\">\n\t\t\t\t\t<div class=\"e-con-inner\">\n\t\t\t\t<div class=\"elementor-element elementor-element-2ac9591 elementor-widget elementor-widget-image\" data-id=\"2ac9591\" data-element_type=\"widget\" data-e-type=\"widget\" data-widget_type=\"image.default\">\n\t\t\t\t<div class=\"elementor-widget-container\">\n\t\t\t\t\t\t\t\t\t\t\t\t\t\t\t<img fetchpriority=\"high\" decoding=\"async\" width=\"800\" height=\"600\" src=\"https:\/\/decorauvent.ca\/wp-content\/uploads\/2024\/11\/Gazebo-Paquin-Vaudreuil-Dorion-2011-8-1-1024x768.jpg\" class=\"attachment-large size-large wp-image-942\" alt=\"\" srcset=\"https:\/\/decorauvent.ca\/wp-content\/uploads\/2024\/11\/Gazebo-Paquin-Vaudreuil-Dorion-2011-8-1-1024x768.jpg 1024w, https:\/\/decorauvent.ca\/wp-content\/uploads\/2024\/11\/Gazebo-Paquin-Vaudreuil-Dorion-2011-8-1-300x225.jpg 300w, https:\/\/decorauvent.ca\/wp-content\/uploads\/2024\/11\/Gazebo-Paquin-Vaudreuil-Dorion-2011-8-1-768x576.jpg 768w, https:\/\/decorauvent.ca\/wp-content\/uploads\/2024\/11\/Gazebo-Paquin-Vaudreuil-Dorion-2011-8-1-1536x1152.jpg 1536w, https:\/\/decorauvent.ca\/wp-content\/uploads\/2024\/11\/Gazebo-Paquin-Vaudreuil-Dorion-2011-8-1-2048x1536.jpg 2048w, https:\/\/decorauvent.ca\/wp-content\/uploads\/2024\/11\/Gazebo-Paquin-Vaudreuil-Dorion-2011-8-1-16x12.jpg 16w\" sizes=\"(max-width: 800px) 100vw, 800px\" \/>\t\t\t\t\t\t\t\t\t\t\t\t\t\t\t<\/div>\n\t\t\t\t<\/div>\n\t\t\t\t\t<\/div>\n\t\t\t\t<\/div>\n\t\t\t\t\t\t\t\t<\/div>\n\t\t\t\t\t\t\t\t\t\t\t<div class=\"swiper-slide\" data-slide=\"2\" role=\"group\" aria-roledescription=\"slide\" aria-label=\"2 of 2\">\n\t\t\t\t\t\t\t<div class=\"elementor-element elementor-element-f90e7c3 e-flex e-con-boxed e-con e-child\" data-id=\"f90e7c3\" data-element_type=\"container\" data-e-type=\"container\">\n\t\t\t\t\t<div class=\"e-con-inner\">\n\t\t\t\t<div class=\"elementor-element elementor-element-5b79e71 elementor-widget elementor-widget-image\" data-id=\"5b79e71\" data-element_type=\"widget\" data-e-type=\"widget\" data-widget_type=\"image.default\">\n\t\t\t\t<div class=\"elementor-widget-container\">\n\t\t\t\t\t\t\t\t\t\t\t\t\t\t\t<img decoding=\"async\" width=\"800\" height=\"600\" src=\"https:\/\/decorauvent.ca\/wp-content\/uploads\/2024\/11\/20230630_185623970_iOS_Scullion-Baie-d_Urfe-_7_-1024x768.webp\" class=\"attachment-large size-large wp-image-944\" alt=\"\" srcset=\"https:\/\/decorauvent.ca\/wp-content\/uploads\/2024\/11\/20230630_185623970_iOS_Scullion-Baie-d_Urfe-_7_-1024x768.webp 1024w, https:\/\/decorauvent.ca\/wp-content\/uploads\/2024\/11\/20230630_185623970_iOS_Scullion-Baie-d_Urfe-_7_-300x225.webp 300w, https:\/\/decorauvent.ca\/wp-content\/uploads\/2024\/11\/20230630_185623970_iOS_Scullion-Baie-d_Urfe-_7_-768x576.webp 768w, https:\/\/decorauvent.ca\/wp-content\/uploads\/2024\/11\/20230630_185623970_iOS_Scullion-Baie-d_Urfe-_7_-1536x1152.webp 1536w, https:\/\/decorauvent.ca\/wp-content\/uploads\/2024\/11\/20230630_185623970_iOS_Scullion-Baie-d_Urfe-_7_-2048x1536.webp 2048w, https:\/\/decorauvent.ca\/wp-content\/uploads\/2024\/11\/20230630_185623970_iOS_Scullion-Baie-d_Urfe-_7_-16x12.webp 16w\" sizes=\"(max-width: 800px) 100vw, 800px\" \/>\t\t\t\t\t\t\t\t\t\t\t\t\t\t\t<\/div>\n\t\t\t\t<\/div>\n\t\t\t\t\t<\/div>\n\t\t\t\t<\/div>\n\t\t\t\t\t\t\t\t<\/div>\n\t\t\t\t\t\t\t\t<\/div>\n\t\t<\/div>\n\t\t\t\t\t<div class=\"swiper-pagination\"><\/div>\n\t\t\t\t\t\t<\/div>\n\t\t\t\t<\/div>\n\t\t\t\t\t<\/div>\n\t\t\t\t<\/div>\n\t\t\t\t\t<\/div>\n\t\t\t\t<\/div>\n\t\t<div class=\"elementor-element elementor-element-8ba03b2 e-flex e-con-boxed e-con e-parent\" data-id=\"8ba03b2\" data-element_type=\"container\" data-e-type=\"container\">\n\t\t\t\t\t<div class=\"e-con-inner\">\n\t\t<div class=\"elementor-element elementor-element-a816a0a e-con-full e-flex e-con e-child\" data-id=\"a816a0a\" data-element_type=\"container\" data-e-type=\"container\">\n\t\t\t\t<div class=\"elementor-element elementor-element-42ee42d elementor-widget elementor-widget-heading\" data-id=\"42ee42d\" data-element_type=\"widget\" data-e-type=\"widget\" data-widget_type=\"heading.default\">\n\t\t\t\t<div class=\"elementor-widget-container\">\n\t\t\t\t\t<h2 class=\"elementor-heading-title elementor-size-default\">Stabilit\u00e9 et service de confiance\n<\/h2>\t\t\t\t<\/div>\n\t\t\t\t<\/div>\n\t\t\t\t<div class=\"elementor-element elementor-element-6fc0eb0 elementor-widget elementor-widget-text-editor\" data-id=\"6fc0eb0\" data-element_type=\"widget\" data-e-type=\"widget\" data-widget_type=\"text-editor.default\">\n\t\t\t\t<div class=\"elementor-widget-container\">\n\t\t\t\t\t\t\t\t\t<div class=\"column is-12\"><div class=\"column is-12\"><p class=\"block\">La structure en aluminium et la boulonnerie en acier inoxydable de notre gazebo assurent sa stabilit\u00e9 dans des conditions m\u00e9t\u00e9orologiques extr\u00eames, <span style=\"font-weight: 400;\">et si un remplacement s\u2019impose, D\u00e9cor au Vent pourra vous proposer les pi\u00e8ces de rechange n\u00e9cessaires. <\/span>L\u2019installation se fait sans probl\u00e8me, gr\u00e2ce \u00e0 des techniciens form\u00e9s qui vous offrent un service cl\u00e9 en main. Nous proposons \u00e9galement un service annuel de d\u00e9montage et remisage.<\/p><\/div><\/div>\t\t\t\t\t\t\t\t<\/div>\n\t\t\t\t<\/div>\n\t\t\t\t<\/div>\n\t\t<div class=\"elementor-element elementor-element-d5b9d83 e-con-full e-flex e-con e-child\" data-id=\"d5b9d83\" data-element_type=\"container\" data-e-type=\"container\">\n\t\t\t\t<div class=\"elementor-element elementor-element-9db5df3 elementor-widget elementor-widget-heading\" data-id=\"9db5df3\" data-element_type=\"widget\" data-e-type=\"widget\" data-widget_type=\"heading.default\">\n\t\t\t\t<div class=\"elementor-widget-container\">\n\t\t\t\t\t<h2 class=\"elementor-heading-title elementor-size-default\">Qualit\u00e9 et commodit\u00e9 des abris de jardin<\/h2>\t\t\t\t<\/div>\n\t\t\t\t<\/div>\n\t\t\t\t<div class=\"elementor-element elementor-element-ae53b7c elementor-widget elementor-widget-text-editor\" data-id=\"ae53b7c\" data-element_type=\"widget\" data-e-type=\"widget\" data-widget_type=\"text-editor.default\">\n\t\t\t\t<div class=\"elementor-widget-container\">\n\t\t\t\t\t\t\t\t\t<div class=\"column is-12\"><div class=\"column is-12\"><p>Que vous souhaitiez ajouter de l\u2019intimit\u00e9 \u00e0 votre espace ext\u00e9rieur ou prot\u00e9ger vos meubles des dommages caus\u00e9s par le soleil, nous avons ce qu\u2019il vous faut avec nos abris de jardin de haute qualit\u00e9. Notre structure est durable et r\u00e9sistante \u00e0 la rouille. Nos toiles en acrylique sont r\u00e9sistantes \u00e0 l\u2019eau au vent et aux rayons UV et sont disponible dans une vaste gamme de couleurs. Choisissez parmi des produits fabriqu\u00e9s au Qu\u00e9bec, et profitez d\u2019une installation sans tracas et d\u2019un service client fiable.<\/p><p>\u00a0<\/p><footer id=\"site-footer\"><section id=\"footer-cta\" class=\"section is-purple is-inverted\"><div class=\"container\"><div class=\"level\"><div class=\"level-left\"><div class=\"level-item\">\u00a0<\/div><\/div><\/div><\/div><\/section><\/footer><\/div><\/div>\t\t\t\t\t\t\t\t<\/div>\n\t\t\t\t<\/div>\n\t\t\t\t<\/div>\n\t\t\t\t\t<\/div>\n\t\t\t\t<\/div>\n\t\t\t\t<\/div>\n\t\t","protected":false},"excerpt":{"rendered":"<p>Gazebos et abris de jardin Prot\u00e9gez votre espace ext\u00e9rieur et vos meubles avec nos abris de jardin r\u00e9sistants \u00e0 l&rsquo;eau, au vent et aux UV Des gaz\u00e9bos \u00e9l\u00e9gants et durables pour tous vos besoins Cr\u00e9ez une oasis ext\u00e9rieure accueillante avec un abri de jardin! Avec une gamme de mod\u00e8les parmi lesquels choisir, vous pouvez cr\u00e9er [&hellip;]<\/p>\n","protected":false},"author":2,"featured_media":0,"parent":0,"menu_order":0,"comment_status":"closed","ping_status":"closed","template":"elementor_header_footer","meta":{"_coblocks_attr":"","_coblocks_dimensions":"","_coblocks_responsive_height":"","_coblocks_accordion_ie_support":"","footnotes":""},"class_list":["post-939","page","type-page","status-publish","hentry"],"yoast_head":"<!-- This site is optimized with the Yoast SEO plugin v27.5 - https:\/\/yoast.com\/product\/yoast-seo-wordpress\/ -->\n<title>Gazebos et abris de jardin - D\u00e9cor Au Vent<\/title>\n<meta name=\"robots\" content=\"index, follow, max-snippet:-1, max-image-preview:large, max-video-preview:-1\" \/>\n<link rel=\"canonical\" href=\"https:\/\/decorauvent.ca\/en\/gazebos\/\" \/>\n<meta property=\"og:locale\" content=\"en_US\" \/>\n<meta property=\"og:type\" content=\"article\" \/>\n<meta property=\"og:title\" content=\"Gazebos et abris de jardin - D\u00e9cor Au Vent\" \/>\n<meta property=\"og:description\" content=\"Gazebos et abris de jardin Prot\u00e9gez votre espace ext\u00e9rieur et vos meubles avec nos abris de jardin r\u00e9sistants \u00e0 l&rsquo;eau, au vent et aux UV Des gaz\u00e9bos \u00e9l\u00e9gants et durables pour tous vos besoins Cr\u00e9ez une oasis ext\u00e9rieure accueillante avec un abri de jardin! Avec une gamme de mod\u00e8les parmi lesquels choisir, vous pouvez cr\u00e9er [&hellip;]\" \/>\n<meta property=\"og:url\" content=\"https:\/\/decorauvent.ca\/en\/gazebos\/\" \/>\n<meta property=\"og:site_name\" content=\"D\u00e9cor Au Vent\" \/>\n<meta property=\"article:modified_time\" content=\"2025-10-24T20:20:31+00:00\" \/>\n<meta property=\"og:image\" content=\"https:\/\/decorauvent.ca\/wp-content\/uploads\/2024\/11\/Gazebo-Paquin-Vaudreuil-Dorion-2011-8-1-scaled.jpg\" \/>\n\t<meta property=\"og:image:width\" content=\"2560\" \/>\n\t<meta property=\"og:image:height\" content=\"1920\" \/>\n\t<meta property=\"og:image:type\" content=\"image\/jpeg\" \/>\n<meta name=\"twitter:card\" content=\"summary_large_image\" \/>\n<meta name=\"twitter:label1\" content=\"Est. reading time\" \/>\n\t<meta name=\"twitter:data1\" content=\"2 minutes\" \/>\n<script type=\"application\/ld+json\" class=\"yoast-schema-graph\">{\"@context\":\"https:\\\/\\\/schema.org\",\"@graph\":[{\"@type\":\"WebPage\",\"@id\":\"https:\\\/\\\/decorauvent.ca\\\/gazebos\\\/\",\"url\":\"https:\\\/\\\/decorauvent.ca\\\/gazebos\\\/\",\"name\":\"Gazebos et abris de jardin - D\u00e9cor Au Vent\",\"isPartOf\":{\"@id\":\"https:\\\/\\\/decorauvent.ca\\\/#website\"},\"primaryImageOfPage\":{\"@id\":\"https:\\\/\\\/decorauvent.ca\\\/gazebos\\\/#primaryimage\"},\"image\":{\"@id\":\"https:\\\/\\\/decorauvent.ca\\\/gazebos\\\/#primaryimage\"},\"thumbnailUrl\":\"https:\\\/\\\/decorauvent.ca\\\/wp-content\\\/uploads\\\/2024\\\/11\\\/Gazebo-Paquin-Vaudreuil-Dorion-2011-8-1-1024x768.jpg\",\"datePublished\":\"2024-11-13T17:42:01+00:00\",\"dateModified\":\"2025-10-24T20:20:31+00:00\",\"breadcrumb\":{\"@id\":\"https:\\\/\\\/decorauvent.ca\\\/gazebos\\\/#breadcrumb\"},\"inLanguage\":\"en-US\",\"potentialAction\":[{\"@type\":\"ReadAction\",\"target\":[\"https:\\\/\\\/decorauvent.ca\\\/gazebos\\\/\"]}]},{\"@type\":\"ImageObject\",\"inLanguage\":\"en-US\",\"@id\":\"https:\\\/\\\/decorauvent.ca\\\/gazebos\\\/#primaryimage\",\"url\":\"https:\\\/\\\/decorauvent.ca\\\/wp-content\\\/uploads\\\/2024\\\/11\\\/Gazebo-Paquin-Vaudreuil-Dorion-2011-8-1-1024x768.jpg\",\"contentUrl\":\"https:\\\/\\\/decorauvent.ca\\\/wp-content\\\/uploads\\\/2024\\\/11\\\/Gazebo-Paquin-Vaudreuil-Dorion-2011-8-1-1024x768.jpg\"},{\"@type\":\"BreadcrumbList\",\"@id\":\"https:\\\/\\\/decorauvent.ca\\\/gazebos\\\/#breadcrumb\",\"itemListElement\":[{\"@type\":\"ListItem\",\"position\":1,\"name\":\"Portada\",\"item\":\"https:\\\/\\\/decorauvent.ca\\\/\"},{\"@type\":\"ListItem\",\"position\":2,\"name\":\"Gazebos et abris de jardin\"}]},{\"@type\":\"WebSite\",\"@id\":\"https:\\\/\\\/decorauvent.ca\\\/#website\",\"url\":\"https:\\\/\\\/decorauvent.ca\\\/\",\"name\":\"D\u00e9cor Au Vent\",\"description\":\"Le sp\u00e9cialiste des auvents sur mesure au Qu\u00e9bec\",\"publisher\":{\"@id\":\"https:\\\/\\\/decorauvent.ca\\\/#organization\"},\"potentialAction\":[{\"@type\":\"SearchAction\",\"target\":{\"@type\":\"EntryPoint\",\"urlTemplate\":\"https:\\\/\\\/decorauvent.ca\\\/?s={search_term_string}\"},\"query-input\":{\"@type\":\"PropertyValueSpecification\",\"valueRequired\":true,\"valueName\":\"search_term_string\"}}],\"inLanguage\":\"en-US\"},{\"@type\":\"Organization\",\"@id\":\"https:\\\/\\\/decorauvent.ca\\\/#organization\",\"name\":\"D\u00e9cor Au Vent\",\"url\":\"https:\\\/\\\/decorauvent.ca\\\/\",\"logo\":{\"@type\":\"ImageObject\",\"inLanguage\":\"en-US\",\"@id\":\"https:\\\/\\\/decorauvent.ca\\\/#\\\/schema\\\/logo\\\/image\\\/\",\"url\":\"\",\"contentUrl\":\"\",\"caption\":\"D\u00e9cor Au Vent\"},\"image\":{\"@id\":\"https:\\\/\\\/decorauvent.ca\\\/#\\\/schema\\\/logo\\\/image\\\/\"}}]}<\/script>\n<!-- \/ Yoast SEO plugin. -->","yoast_head_json":{"title":"Gazebos et abris de jardin - D\u00e9cor Au Vent","robots":{"index":"index","follow":"follow","max-snippet":"max-snippet:-1","max-image-preview":"max-image-preview:large","max-video-preview":"max-video-preview:-1"},"canonical":"https:\/\/decorauvent.ca\/en\/gazebos\/","og_locale":"en_US","og_type":"article","og_title":"Gazebos et abris de jardin - D\u00e9cor Au Vent","og_description":"Gazebos et abris de jardin Prot\u00e9gez votre espace ext\u00e9rieur et vos meubles avec nos abris de jardin r\u00e9sistants \u00e0 l&rsquo;eau, au vent et aux UV Des gaz\u00e9bos \u00e9l\u00e9gants et durables pour tous vos besoins Cr\u00e9ez une oasis ext\u00e9rieure accueillante avec un abri de jardin! Avec une gamme de mod\u00e8les parmi lesquels choisir, vous pouvez cr\u00e9er [&hellip;]","og_url":"https:\/\/decorauvent.ca\/en\/gazebos\/","og_site_name":"D\u00e9cor Au Vent","article_modified_time":"2025-10-24T20:20:31+00:00","og_image":[{"width":2560,"height":1920,"url":"https:\/\/decorauvent.ca\/wp-content\/uploads\/2024\/11\/Gazebo-Paquin-Vaudreuil-Dorion-2011-8-1-scaled.jpg","type":"image\/jpeg"}],"twitter_card":"summary_large_image","twitter_misc":{"Est. reading time":"2 minutes"},"schema":{"@context":"https:\/\/schema.org","@graph":[{"@type":"WebPage","@id":"https:\/\/decorauvent.ca\/gazebos\/","url":"https:\/\/decorauvent.ca\/gazebos\/","name":"Gazebos et abris de jardin - D\u00e9cor Au Vent","isPartOf":{"@id":"https:\/\/decorauvent.ca\/#website"},"primaryImageOfPage":{"@id":"https:\/\/decorauvent.ca\/gazebos\/#primaryimage"},"image":{"@id":"https:\/\/decorauvent.ca\/gazebos\/#primaryimage"},"thumbnailUrl":"https:\/\/decorauvent.ca\/wp-content\/uploads\/2024\/11\/Gazebo-Paquin-Vaudreuil-Dorion-2011-8-1-1024x768.jpg","datePublished":"2024-11-13T17:42:01+00:00","dateModified":"2025-10-24T20:20:31+00:00","breadcrumb":{"@id":"https:\/\/decorauvent.ca\/gazebos\/#breadcrumb"},"inLanguage":"en-US","potentialAction":[{"@type":"ReadAction","target":["https:\/\/decorauvent.ca\/gazebos\/"]}]},{"@type":"ImageObject","inLanguage":"en-US","@id":"https:\/\/decorauvent.ca\/gazebos\/#primaryimage","url":"https:\/\/decorauvent.ca\/wp-content\/uploads\/2024\/11\/Gazebo-Paquin-Vaudreuil-Dorion-2011-8-1-1024x768.jpg","contentUrl":"https:\/\/decorauvent.ca\/wp-content\/uploads\/2024\/11\/Gazebo-Paquin-Vaudreuil-Dorion-2011-8-1-1024x768.jpg"},{"@type":"BreadcrumbList","@id":"https:\/\/decorauvent.ca\/gazebos\/#breadcrumb","itemListElement":[{"@type":"ListItem","position":1,"name":"Portada","item":"https:\/\/decorauvent.ca\/"},{"@type":"ListItem","position":2,"name":"Gazebos et abris de jardin"}]},{"@type":"WebSite","@id":"https:\/\/decorauvent.ca\/#website","url":"https:\/\/decorauvent.ca\/","name":"D\u00e9cor Au Vent","description":"The Specialist in Custom Awnings in Quebec","publisher":{"@id":"https:\/\/decorauvent.ca\/#organization"},"potentialAction":[{"@type":"SearchAction","target":{"@type":"EntryPoint","urlTemplate":"https:\/\/decorauvent.ca\/?s={search_term_string}"},"query-input":{"@type":"PropertyValueSpecification","valueRequired":true,"valueName":"search_term_string"}}],"inLanguage":"en-US"},{"@type":"Organization","@id":"https:\/\/decorauvent.ca\/#organization","name":"D\u00e9cor Au Vent","url":"https:\/\/decorauvent.ca\/","logo":{"@type":"ImageObject","inLanguage":"en-US","@id":"https:\/\/decorauvent.ca\/#\/schema\/logo\/image\/","url":"","contentUrl":"","caption":"D\u00e9cor Au Vent"},"image":{"@id":"https:\/\/decorauvent.ca\/#\/schema\/logo\/image\/"}}]}},"_links":{"self":[{"href":"https:\/\/decorauvent.ca\/en\/wp-json\/wp\/v2\/pages\/939","targetHints":{"allow":["GET"]}}],"collection":[{"href":"https:\/\/decorauvent.ca\/en\/wp-json\/wp\/v2\/pages"}],"about":[{"href":"https:\/\/decorauvent.ca\/en\/wp-json\/wp\/v2\/types\/page"}],"author":[{"embeddable":true,"href":"https:\/\/decorauvent.ca\/en\/wp-json\/wp\/v2\/users\/2"}],"replies":[{"embeddable":true,"href":"https:\/\/decorauvent.ca\/en\/wp-json\/wp\/v2\/comments?post=939"}],"version-history":[{"count":13,"href":"https:\/\/decorauvent.ca\/en\/wp-json\/wp\/v2\/pages\/939\/revisions"}],"predecessor-version":[{"id":1775,"href":"https:\/\/decorauvent.ca\/en\/wp-json\/wp\/v2\/pages\/939\/revisions\/1775"}],"wp:attachment":[{"href":"https:\/\/decorauvent.ca\/en\/wp-json\/wp\/v2\/media?parent=939"}],"curies":[{"name":"wp","href":"https:\/\/api.w.org\/{rel}","templated":true}]}}